{"id":473,"date":"2019-04-04T13:33:33","date_gmt":"2019-04-04T13:33:33","guid":{"rendered":"http:\/\/www.test2.test\/?page_id=473"},"modified":"2020-07-30T14:18:45","modified_gmt":"2020-07-30T14:18:45","slug":"loisirs","status":"publish","type":"page","link":"https:\/\/www.aldeiaoliveiras.com\/fr\/loisirs\/","title":{"rendered":"Loisirs"},"content":{"rendered":"<p>La municipalit\u00e9 de Proen\u00e7a-a-Nova a un grand potentiel en termes de tourisme.<br \/>\nLe tourisme tr\u00e8s recherch\u00e9 dans le paysage rural est susceptible de se d\u00e9velopper ici, car la r\u00e9gion comprend des conditions environnementales sup\u00e9rieures et des lignes d&#8217;eau claire et douce offrant une grande richesse en paysages et en faune. Les principales conduites d\u2019eau sont des affluents directs ou indirects des fleuves Z\u00eazere et Ocreza.<br \/>\nAinsi naissent les plages de la rivi\u00e8re o\u00f9 vous pourrez profiter des cours d\u2019eau dans une activit\u00e9 de baignade sans cons\u00e9quences pour l\u2019espace environnant.<br \/>\nIl y a plusieurs activit\u00e9s disponibles que vous pouvez faire pendant votre s\u00e9jour \u00e0 OLIVEIRAS. Vous pouvez marcher ou faire du v\u00e9lo le long de sentiers balis\u00e9s de troupeaux et de bergers ou profiter de la plage fluviale de Fr\u00f3ia avec ses eaux claires et cristallines.<br \/>\nCe village est le lieu id\u00e9al pour r\u00e9cup\u00e9rer de l&#8217;\u00e9nergie, se reposer et respirer l&#8217;air vivifiant des montagnes.<\/p>\n<p>&nbsp;<\/p>\n<p> <button class=\"expande\" class=\"expande\" data-toggle=\"collapse\" data-target=\"#demo\"> <\/p>\n<h2> Rivi\u00e8res  <\/h2>\n<p> <\/button><\/p>\n<div id=\"demo\" class=\"collapse\">\n<p class=\"style1 verde\"><strong>Fr\u00f3ia<\/strong><\/p>\n<p>La plage fluviale de Fr\u00f3ia est situ\u00e9e \u00e0 environ 300 m du village OLIVEIRAS, vous pouvez donc y acc\u00e9der \u00e0 pied, ce qui permet une belle promenade \u00e0 travers les environs du village.<\/p>\n<p class=\"style1 verde\"><strong>   Malhadal    <\/strong><\/p>\n<p>Situ\u00e9 pr\u00e8s d&#8217;Oleiros.<\/p>\n<p class=\"style1 verde\"><strong> Aldeia Ruiva <\/strong><\/p>\n<p>Located near the Isna de S. Carlos.<\/p>\n<p>Autres plages dans la r\u00e9gion d&#8217;Alvito da Beira: la plage de Couca (Cerejeiras) et la plage d&#8217;Alvito da Beira.<\/p>\n<\/div>\n<p> <button class=\"expande\" class=\"expande\" data-toggle=\"collapse\" data-target=\"#cavalos\"> <\/p>\n<h2> \t\u00c9quitation  <\/h2>\n<p> <\/button><\/p>\n<div id=\"cavalos\" class=\"collapse\">\n<p>A quelques kilom\u00e8tres du village, \u00e0 Fontainhas, il est possible de faire de belles balades \u00e0 cheval ou m\u00eame de petites balades \u00e0 poney. Il y a 4 chevaux et 1 poney disponibles pour l&#8217;enchantement des enfants et des adultes. Recherchez Portugal Adventures sur Facebook.<\/p>\n<\/div>\n<p> <button class=\"expande\" data-toggle=\"collapse\" data-target=\"#demo2\"> <\/p>\n<h2> Les activit\u00e9s <\/h2>\n<p> <\/button><\/p>\n<div id=\"demo2\" class=\"collapse\">\n<p><strong> Visites \u00e0 pied  <\/strong><\/p>\n<p>La municipalit\u00e9 de Proen\u00e7a-a-Nova poss\u00e8de un paysage et une culture d\u2019une richesse \u00e0 pr\u00e9server. Le conseil municipal de Proen\u00e7a-a-Nova organise r\u00e9guli\u00e8rement des visites \u00e0 pied. Consultez la cat\u00e9gorie Sports de l&#8217;agenda culturel pour savoir quand ce sera la prochaine fois.<\/p>\n<p><strong>  Forest Living Science Centre  <\/strong><\/p>\n<p>Le Live Science Center du comt\u00e9 est situ\u00e9 \u00e0 Moitas, \u00e0 c\u00f4t\u00e9 de l&#8217;a\u00e9rodrome. Ce lieu offre au visiteur, en plus d&#8217;un espace ext\u00e9rieur agr\u00e9able, une exposition et diverses activit\u00e9s exp\u00e9rimentales. Payer une visite et d\u00e9couvrir ce qui est l\u00e0 maintenant.<\/p>\n<p><strong> Parachutisme  <\/strong><\/p>\n<p>Si vous voulez vivre une petite aventure, rendez-vous au centre de parachutisme de l\u2019a\u00e9rodrome de Moitas. Si vous souhaitez \u00e9prouver le frisson de sauter d&#8217;un avion, nous vous conseillons de r\u00e9server \u00e0 l&#8217;avance.<\/p>\n<p><strong> Sports extr\u00eames  <\/strong><\/p>\n<p>Les environs offrent un fort potentiel pour les sports d\u2019aventure, le VTT ou les circuits TT et d\u2019autres activit\u00e9s de plein air telles que la p\u00eache, le cano\u00eb-kayak, l\u2019escalade et la descente en rappel. D\u00e9couvrez la cat\u00e9gorie Agenda sportif Culturel et les circuits VTT.<\/p>\n<\/div>\n<p> <button class=\"expande\" data-toggle=\"collapse\" data-target=\"#demo3\"> <\/p>\n<h2> Restaurants <\/h2>\n<p> <\/button><\/p>\n<div id=\"demo3\" class=\"collapse\">\n<p>\u00c0 Sobreira Formosa, le village le plus proche, vous trouverez des restaurants. \u00c0 Proen\u00e7a-a-Nova, chef-lieu du comt\u00e9, vous pouvez \u00e9galement trouver plusieurs \u00e9tablissements o\u00f9 d\u00e9guster des plats r\u00e9gionaux, soulignent le Tasc\u00e1. Dans le village de Figueira, vous trouverez un restaurant typique qui vaut le d\u00e9tour. Dans chaque maison, vous trouverez plus d&#8217;informations sur les restaurants de la r\u00e9gion.<\/p>\n<\/div>\n<p> <button class=\"expande\" data-toggle=\"collapse\" data-target=\"#demo4\"> <\/p>\n<h2>  Animation <\/h2>\n<p> <\/button><\/p>\n<div id=\"demo4\" class=\"collapse\">\n<p><strong> Bars \/ Discoth\u00e8ques  <\/strong><\/p>\n<p>L&#8217;endroit le plus proche est le bar de Praia da Fr\u00f3ia, o\u00f9 vous pourrez vous promener. \u00c0 Sobreira Formosa, vous trouverez \u00e9galement des caf\u00e9s \/ bars et \u00e0 Proen\u00e7a-a-Nova, de jolis espaces ouverts plus tard. La ville de Sert\u00e3 est toujours une alternative pour prolonger une nuit anim\u00e9e.<\/p>\n<p><strong>  Agenda Culturel  <\/strong><\/p>\n<p>D\u00e9couvrez sur le site de la municipalit\u00e9 de Proen\u00e7a-a-Nova ce que le comt\u00e9 a \u00e0 vous offrir ce mois-ci\u2026<\/p>\n<p>&nbsp;<\/p>\n<table border=\"0\" width=\"590\" cellspacing=\"0\" cellpadding=\"0\">\n<tbody>\n<tr valign=\"top\">\n<td align=\"left\" valign=\"top\" width=\"424\">\n<p class=\"style1 verde\"><span class=\"bold\"><strong>  Table de f\u00eates et de p\u00e8lerinages   <\/strong> <\/span><\/p>\n<\/td>\n<\/tr>\n<tr valign=\"top\">\n<td colspan=\"3\">\n<table border=\"1\" width=\"100%\" cellspacing=\"0\" cellpadding=\"2\">\n<tbody>\n<tr>\n<td class=\"bold\">  F\u00eate  <\/td>\n<td class=\"bold\">  Lieu <\/td>\n<td class=\"bold\">  Date  <\/td>\n<\/tr>\n<tr>\n<td>Nossa Senhora da Ajuda<\/td>\n<td>Lameira d&#8217;Ordem<\/td>\n<td> Week end de paques <\/td>\n<\/tr>\n<tr>\n<td>S. Gens<\/td>\n<td>Moitas<\/td>\n<td> Week-end apr\u00e8s P\u00e2ques <\/td>\n<\/tr>\n<tr>\n<td>S. Marcos<\/td>\n<td>Pergulho<\/td>\n<td>  Dernier week-end d&#8217;avril  <\/td>\n<\/tr>\n<tr>\n<td>S. Tiago Menor<\/td>\n<td>Peral<\/td>\n<td> 1er week-end de mai <\/td>\n<\/tr>\n<tr>\n<td>Sto. Ant\u00f3nio<\/td>\n<td>Proen\u00e7a-a-Nova<\/td>\n<td> 13 juin <\/td>\n<\/tr>\n<tr>\n<td>Nossa Senhora de F\u00e1tima<\/td>\n<td>Pedra do Altar<\/td>\n<td>  1er week-end de Juin  <\/td>\n<\/tr>\n<tr>\n<td>Nossa Senhora do Carmo<\/td>\n<td>Corgas<\/td>\n<td> Juillet <\/td>\n<\/tr>\n<tr>\n<td>Nossa Senhora de F\u00e1tima<\/td>\n<td>Verg\u00e3o<\/td>\n<td>  Juillet  <\/td>\n<\/tr>\n<tr>\n<td>Nossa Senhora da Boa Nova<\/td>\n<td>Sarzedinha<\/td>\n<td>  Dernier week-end de juillet  <\/td>\n<\/tr>\n<tr>\n<td>Sta. Isabel<\/td>\n<td>Malhadal<\/td>\n<td>  Ao\u00fbt  <\/td>\n<\/tr>\n<tr>\n<td>Nossa Senhora da Piedade<\/td>\n<td>Vale d&#8217;\u00c1gua<\/td>\n<td>  Ao\u00fbt  <\/td>\n<\/tr>\n<tr>\n<td>Nossa Senhora das Dores<\/td>\n<td>Cimadas<\/td>\n<td>  Ao\u00fbt  <\/td>\n<\/tr>\n<tr>\n<td>S. Miguel<\/td>\n<td>Eiras<\/td>\n<td>  29 septembre  <\/td>\n<\/tr>\n<\/tbody>\n<\/table>\n<\/td>\n<\/tr>\n<\/tbody>\n<\/table>\n<\/div>\n","protected":false},"excerpt":{"rendered":"<p>La municipalit\u00e9 de Proen\u00e7a-a-Nova a un grand potentiel en termes de tourisme. Le tourisme tr\u00e8s recherch\u00e9 dans le paysage rural [&hellip;]<\/p>\n","protected":false},"author":1,"featured_media":0,"parent":0,"menu_order":0,"comment_status":"closed","ping_status":"closed","template":"","meta":{"_acf_changed":false,"footnotes":""},"class_list":["post-473","page","type-page","status-publish","hentry"],"acf":[],"_links":{"self":[{"href":"https:\/\/www.aldeiaoliveiras.com\/fr\/wp-json\/wp\/v2\/pages\/473","targetHints":{"allow":["GET"]}}],"collection":[{"href":"https:\/\/www.aldeiaoliveiras.com\/fr\/wp-json\/wp\/v2\/pages"}],"about":[{"href":"https:\/\/www.aldeiaoliveiras.com\/fr\/wp-json\/wp\/v2\/types\/page"}],"author":[{"embeddable":true,"href":"https:\/\/www.aldeiaoliveiras.com\/fr\/wp-json\/wp\/v2\/users\/1"}],"replies":[{"embeddable":true,"href":"https:\/\/www.aldeiaoliveiras.com\/fr\/wp-json\/wp\/v2\/comments?post=473"}],"version-history":[{"count":72,"href":"https:\/\/www.aldeiaoliveiras.com\/fr\/wp-json\/wp\/v2\/pages\/473\/revisions"}],"predecessor-version":[{"id":810,"href":"https:\/\/www.aldeiaoliveiras.com\/fr\/wp-json\/wp\/v2\/pages\/473\/revisions\/810"}],"wp:attachment":[{"href":"https:\/\/www.aldeiaoliveiras.com\/fr\/wp-json\/wp\/v2\/media?parent=473"}],"curies":[{"name":"wp","href":"https:\/\/api.w.org\/{rel}","templated":true}]}}